{"id":61,"date":"2019-03-08T01:43:22","date_gmt":"2019-03-08T00:43:22","guid":{"rendered":"http:\/\/diwanlanderne.bzh\/?page_id=61"},"modified":"2025-01-30T21:34:11","modified_gmt":"2025-01-30T20:34:11","slug":"33-vloaz-ans-skol-diwan-landerne","status":"publish","type":"page","link":"https:\/\/diwanlanderne.bzh\/index.php\/33-vloaz-ans-skol-diwan-landerne\/","title":{"rendered":"33 bloaz"},"content":{"rendered":"\n<h2 class=\"wp-block-heading\"><strong>Samedi 15 juin 2019, nous avons f\u00eat\u00e9 les 33 ans de l&rsquo;\u00e9cole<\/strong><\/h2>\n\n\n\n<div class=\"wp-block-image\"><figure class=\"aligncenter is-resized\"><img loading=\"lazy\" decoding=\"async\" src=\"https:\/\/diwanlanderne.bzh\/wp-content\/uploads\/2019\/05\/33vloazDiwanLanderneA3_web-725x1024.jpg\" alt=\"\" class=\"wp-image-208\" width=\"596\" height=\"839\"\/><\/figure><\/div>\n\n\n\n<h2 class=\"wp-block-heading\"><strong>Maria Desbordes &amp; Carlos Soto + Bugale Skol Diwan Landerne<\/strong><\/h2>\n\n\n\n<div class=\"wp-block-image\"><figure class=\"alignleft is-resized\"><img loading=\"lazy\" decoding=\"async\" src=\"https:\/\/diwanlanderne.bzh\/wp-content\/uploads\/2019\/04\/p11_Maria-Desbordes.jpg\" alt=\"\" class=\"wp-image-169\" width=\"316\" height=\"316\" srcset=\"https:\/\/diwanlanderne.bzh\/wp-content\/uploads\/2019\/04\/p11_Maria-Desbordes.jpg 500w, https:\/\/diwanlanderne.bzh\/wp-content\/uploads\/2019\/04\/p11_Maria-Desbordes-150x150.jpg 150w, https:\/\/diwanlanderne.bzh\/wp-content\/uploads\/2019\/04\/p11_Maria-Desbordes-300x300.jpg 300w, https:\/\/diwanlanderne.bzh\/wp-content\/uploads\/2019\/04\/p11_Maria-Desbordes-100x100.jpg 100w\" sizes=\"auto, (max-width: 316px) 85vw, 316px\" \/><\/figure><\/div>\n\n\n\n<p>Maria Desbordes est l&rsquo;une des premi\u00e8res \u00e9l\u00e8ves de Skol Diwan Landerne. Elle nous a fait l\u2019honneur de sa pr\u00e9sence afin de f\u00eater cet anniversaire, sur sc\u00e8ne, au c\u00f4t\u00e9 des 82 \u00e9l\u00e8ves actuels de l\u2019\u00e9cole pour un spectacle qu\u2019ils ont travaill\u00e9 tout au long de cette ann\u00e9e scolaire.<\/p>\n\n\n\n<p><em>Plijadur a vo o klevet Maria Desbordes, unan eus skolidi genta\u00f1 Skol Diwan Landerne, war al leurenn asambles gant an 82 vugel a zo er skol hiziv.<\/em><\/p>\n\n\n\n<p>C\u2019est depuis l\u2019Espagne, plus pr\u00e9cis\u00e9ment la Castille, ou\u0300 elle r\u00e9side depuis plus de 10 ans, et avec son compagnon musicien Carlos Soto (Celtas Cortos, Castijazz) que Maria Desbordes \u00e9crit ses textes et compose ses musiques. Dans son dernier album elle chante en 4 langues diff\u00e9rentes (breton, espagnol, franc\u0327ais et jud\u00e9o-espagnol). <\/p>\n\n\n\n<p><em>Ouzhpenn dek vloaz \u2018zo, plac\u2019h Landerne he deus kuitaet Breizh evit en em stalia\u00f1 e San Miguel del Arroyo, ur g\u00eariadenn etre Madrid ha Valladolid, e-kreiz bro Spagn. Asambles gant he mignon Carlos Soto, o deus savet ur bern raktreso\u00f9 sonerezh (Awen Magic Land, Castijazz).  E Brezhoneg, Kastilhaneg, Galleg ha Judeo-spagnoleg, e kan Maria war he fladenn ziwezha\u00f1.<\/em><\/p>\n\n\n\n<h2 class=\"wp-block-heading\"><strong>Hekleo &amp; Bugale Skol Diwan Landerne<\/strong><\/h2>\n\n\n\n<p>Les \u00e9l\u00e8ves ont \u00e9galement pr\u00e9sent\u00e9 le fruit de leur travail, tout au long de l&rsquo;ann\u00e9e scolaire, avec la chorale Hekleo de Landerneau.<\/p>\n\n\n\n<p><em>Ar skolidi a ziskouezo deoc&rsquo;h ivez, asambles gant al laz-kana\u00f1 Hekleo, ar frouezh eus o labour ganto a-hed ar bloavezh-skol.<\/em><\/p>\n\n\n\n<h2 class=\"wp-block-heading\"><strong>Startijenn \/ Fr\u00e8res Guichen \/ Malard\u00e9-Moign \/ Straka<\/strong><\/h2>\n\n\n\n<p><strong>Fest-noz au Family<\/strong><\/p>\n\n\n\n<h2 class=\"wp-block-heading\">Startijenn <\/h2>\n\n\n\n<p>Avec 6 albums \u00e0 leur actif, et d\u2019innombrables kilom\u00e8tres parcourus \u00e0 travers la Bretagne, la France et l\u2019\u00e9tranger, Startijenn est un groupe r\u00e9f\u00e9rence de la sc\u00e8ne musicale bretonne actuelle avec un son \u00ab rock \u00bb tr\u00e8s puissant au service d\u2019une musique bretonne ardente et exaltante. <br>\nDeux des membres du groupe ont \u00e9t\u00e9 \u00e9l\u00e8ves de Skol Diwan Landerne : Tangi Oillo (guitare) et Youenn Roue (bombarde). \u2028Avant d\u2019enflammer la sc\u00e8ne des Vieilles-Charrues cet \u00e9t\u00e9 et de s\u2019envoler au Danemark et en Ecosse, STARTIJENN nous fera le plaisir de venir c\u00e9l\u00e9brer l\u2019anniversaire de Skol Diwan Landerne. <\/p>\n\n\n\n<p><em>Startijenn \u2018zo anezha\u00f1 unan eus ar strollado\u00f9 penna\u00f1 war leurenn sonerezh Breizh hiziv an deiz.  Ar strollad-ma\u00f1, enna\u00f1 pemp den yaouank, en deus kavet e hent war al leurenno\u00f9 brasa\u00f1 e Breizh kerkoulz hag en estrenvro. <br> Goude 6 pladenn ha beza\u00f1 bet o foeta\u00f1 bro a-gleiz hag a zeho\u00f9, setu int fenoz e Landerne evit lida\u00f1 deiz-ha-bloaz Skol Diwan Landerne, ma oa bet daou anezho skolidi enni : Tangi Oillo (gitar) ha Youenn Roue (bombard). <\/em><\/p>\n\n\n\n<div class=\"wp-block-image\"><figure class=\"aligncenter is-resized\"><img loading=\"lazy\" decoding=\"async\" src=\"https:\/\/diwanlanderne.bzh\/wp-content\/uploads\/2019\/04\/p13_Startijenn\u00a9Se\u0301bastien-Ponte-1024x921.jpg\" alt=\"\" class=\"wp-image-170\" width=\"616\" height=\"554\" srcset=\"https:\/\/diwanlanderne.bzh\/wp-content\/uploads\/2019\/04\/p13_Startijenn\u00a9Se\u0301bastien-Ponte-1024x921.jpg 1024w, https:\/\/diwanlanderne.bzh\/wp-content\/uploads\/2019\/04\/p13_Startijenn\u00a9Se\u0301bastien-Ponte-300x270.jpg 300w, https:\/\/diwanlanderne.bzh\/wp-content\/uploads\/2019\/04\/p13_Startijenn\u00a9Se\u0301bastien-Ponte-768x691.jpg 768w\" sizes=\"auto, (max-width: 616px) 85vw, 616px\" \/><figcaption><br><\/figcaption><\/figure><\/div>\n\n\n\n<h2 class=\"wp-block-heading\">Fr\u00e8res Guichen<\/h2>\n\n\n\n<p>Des Vieilles Charrues aux Francofolies, de l\u2019Olympia au Zenith, de Jakarta a\u0300 Singapour en passant par Tahiti ou Tokyo, les Guichen sont devenus les ambassadeurs de la musique bretonne d\u2019aujourd\u2019hui. Jean-Charles, guitariste acoustique hors pair, a cr\u00e9\u00e9 son propre style, tre\u0300s rythmique. Fred, son accord\u00e9oniste de fr\u00e8re, influenc\u00e9 par la musique irlandaise, d\u00e9veloppe un jeu tr\u00e8s \u00e9nergique et virtuose. Ensemble, ils poursuivent l\u2019esprit \u00ab Breizh Positive \u00bb du groupe dont ils ont \u00e9t\u00e9 les membres fondateurs et qui a r\u00e9volutionn\u00e9 le fest-noz des ann\u00e9es 90 : Ar Re Yaouank.<\/p>\n\n\n\n<div class=\"wp-block-image\"><figure class=\"aligncenter is-resized\"><img loading=\"lazy\" decoding=\"async\" src=\"https:\/\/diwanlanderne.bzh\/wp-content\/uploads\/2019\/04\/p15_guichen-presse-def-1024x682.png\" alt=\"\" class=\"wp-image-174\" width=\"436\" height=\"289\" srcset=\"https:\/\/diwanlanderne.bzh\/wp-content\/uploads\/2019\/04\/p15_guichen-presse-def-1024x682.png 1024w, https:\/\/diwanlanderne.bzh\/wp-content\/uploads\/2019\/04\/p15_guichen-presse-def-300x200.png 300w\" sizes=\"auto, (max-width: 436px) 85vw, 436px\" \/><\/figure><\/div>\n\n\n\n<p><em>Setu ar vreudeur Guichen, mil anavezet abalamour d&rsquo;ar reveulzi o doa graet gant o strollad, Ar Re Yaouank, e bed ar festo\u00f9-noz er bloavezhio\u00f9 90. Fred Guichen : ur soner akordeo\u00f1s fromus hag e vreur Jean-Charles, ur gitarour n&rsquo;eus ket e bar da lakaat an dud da hu\u00f1vreal ha da za\u00f1sal.  <\/em><\/p>\n\n\n\n<h2 class=\"wp-block-heading\">Straka<\/h2>\n\n\n\n<p>Straka, d\u00e9signe en breton les claquements de pieds sur le plancher, un bruit qui caract\u00e9rise la danse bretonne. Ce groupe, cr\u00e9\u00e9 en 2012, anime r\u00e9guli\u00e8rement les festo\u00f9-noz et festo\u00f9-deiz pour faire \u00ab\u00a0straker\u00a0\u00bb les danseurs et les danseuses de Bretagne et d&rsquo;ailleurs, avec des airs majoritairement traditionnels, auxquels s&rsquo;ajoutent quelques compositions personnelles.<\/p>\n\n\n\n<div class=\"wp-block-image\"><figure class=\"aligncenter is-resized\"><img loading=\"lazy\" decoding=\"async\" src=\"https:\/\/diwanlanderne.bzh\/wp-content\/uploads\/2019\/04\/Straka-1024x813.jpg\" alt=\"\" class=\"wp-image-179\" width=\"360\" height=\"286\" srcset=\"https:\/\/diwanlanderne.bzh\/wp-content\/uploads\/2019\/04\/Straka-1024x813.jpg 1024w, https:\/\/diwanlanderne.bzh\/wp-content\/uploads\/2019\/04\/Straka-300x238.jpg 300w, https:\/\/diwanlanderne.bzh\/wp-content\/uploads\/2019\/04\/Straka-768x610.jpg 768w\" sizes=\"auto, (max-width: 360px) 85vw, 360px\" \/><\/figure><\/div>\n\n\n\n<p><em>Gant ar strollad Straka e vo roet la\u00f1s d&rsquo;ar fest-noz, ha lakaet pla\u00f1chod ar Family da strakal dindan treid an da\u00f1serien. Treujenn-gaol, akordeo\u00f1s, bombard, violo\u00f1s, gitar ha gitar-boud : setu peadra da ober trouz e Landerne.<\/em><\/p>\n\n\n\n<figure class=\"wp-block-gallery aligncenter columns-3 is-cropped wp-block-gallery-1 is-layout-flex wp-block-gallery-is-layout-flex\"><ul class=\"blocks-gallery-grid\"><li class=\"blocks-gallery-item\"><figure><img loading=\"lazy\" decoding=\"async\" width=\"736\" height=\"1024\" src=\"https:\/\/diwanlanderne.bzh\/wp-content\/uploads\/2019\/05\/Livret-version-tangi_Page_04-736x1024.png\" alt=\"\" data-id=\"201\" data-link=\"https:\/\/diwanlanderne.bzh\/index.php\/33-vloaz-ans-skol-diwan-landerne\/livret-version-tangi_page_04\/\" class=\"wp-image-201\" srcset=\"https:\/\/diwanlanderne.bzh\/wp-content\/uploads\/2019\/05\/Livret-version-tangi_Page_04-736x1024.png 736w, https:\/\/diwanlanderne.bzh\/wp-content\/uploads\/2019\/05\/Livret-version-tangi_Page_04-216x300.png 216w, https:\/\/diwanlanderne.bzh\/wp-content\/uploads\/2019\/05\/Livret-version-tangi_Page_04-768x1068.png 768w, https:\/\/diwanlanderne.bzh\/wp-content\/uploads\/2019\/05\/Livret-version-tangi_Page_04.png 1358w\" sizes=\"auto, (max-width: 736px) 85vw, 736px\" \/><\/figure><\/li><li class=\"blocks-gallery-item\"><figure><img loading=\"lazy\" decoding=\"async\" width=\"736\" height=\"1024\" src=\"https:\/\/diwanlanderne.bzh\/wp-content\/uploads\/2019\/05\/Livret-version-tangi_Page_06-736x1024.png\" alt=\"\" data-id=\"199\" data-link=\"https:\/\/diwanlanderne.bzh\/index.php\/33-vloaz-ans-skol-diwan-landerne\/livret-version-tangi_page_06\/\" class=\"wp-image-199\" srcset=\"https:\/\/diwanlanderne.bzh\/wp-content\/uploads\/2019\/05\/Livret-version-tangi_Page_06-736x1024.png 736w, https:\/\/diwanlanderne.bzh\/wp-content\/uploads\/2019\/05\/Livret-version-tangi_Page_06-216x300.png 216w, https:\/\/diwanlanderne.bzh\/wp-content\/uploads\/2019\/05\/Livret-version-tangi_Page_06-768x1068.png 768w, https:\/\/diwanlanderne.bzh\/wp-content\/uploads\/2019\/05\/Livret-version-tangi_Page_06.png 1358w\" sizes=\"auto, (max-width: 736px) 85vw, 736px\" \/><\/figure><\/li><li class=\"blocks-gallery-item\"><figure><img loading=\"lazy\" decoding=\"async\" width=\"736\" height=\"1024\" src=\"https:\/\/diwanlanderne.bzh\/wp-content\/uploads\/2019\/05\/Livret-version-tangi_Page_08-736x1024.png\" alt=\"\" data-id=\"197\" data-link=\"https:\/\/diwanlanderne.bzh\/index.php\/33-vloaz-ans-skol-diwan-landerne\/livret-version-tangi_page_08\/\" class=\"wp-image-197\" srcset=\"https:\/\/diwanlanderne.bzh\/wp-content\/uploads\/2019\/05\/Livret-version-tangi_Page_08-736x1024.png 736w, https:\/\/diwanlanderne.bzh\/wp-content\/uploads\/2019\/05\/Livret-version-tangi_Page_08-216x300.png 216w, https:\/\/diwanlanderne.bzh\/wp-content\/uploads\/2019\/05\/Livret-version-tangi_Page_08-768x1068.png 768w, https:\/\/diwanlanderne.bzh\/wp-content\/uploads\/2019\/05\/Livret-version-tangi_Page_08.png 1358w\" sizes=\"auto, (max-width: 736px) 85vw, 736px\" \/><\/figure><\/li><li class=\"blocks-gallery-item\"><figure><img loading=\"lazy\" decoding=\"async\" width=\"736\" height=\"1024\" src=\"https:\/\/diwanlanderne.bzh\/wp-content\/uploads\/2019\/05\/Livret-version-tangi_Page_10-736x1024.png\" alt=\"\" data-id=\"194\" data-link=\"https:\/\/diwanlanderne.bzh\/index.php\/33-vloaz-ans-skol-diwan-landerne\/livret-version-tangi_page_10\/\" class=\"wp-image-194\" srcset=\"https:\/\/diwanlanderne.bzh\/wp-content\/uploads\/2019\/05\/Livret-version-tangi_Page_10-736x1024.png 736w, https:\/\/diwanlanderne.bzh\/wp-content\/uploads\/2019\/05\/Livret-version-tangi_Page_10-216x300.png 216w, https:\/\/diwanlanderne.bzh\/wp-content\/uploads\/2019\/05\/Livret-version-tangi_Page_10-768x1068.png 768w, https:\/\/diwanlanderne.bzh\/wp-content\/uploads\/2019\/05\/Livret-version-tangi_Page_10.png 1358w\" sizes=\"auto, (max-width: 736px) 85vw, 736px\" \/><\/figure><\/li><li class=\"blocks-gallery-item\"><figure><img loading=\"lazy\" decoding=\"async\" width=\"736\" height=\"1024\" src=\"https:\/\/diwanlanderne.bzh\/wp-content\/uploads\/2019\/05\/Livret-version-tangi_Page_12-736x1024.png\" alt=\"\" data-id=\"193\" data-link=\"https:\/\/diwanlanderne.bzh\/index.php\/33-vloaz-ans-skol-diwan-landerne\/livret-version-tangi_page_12\/\" class=\"wp-image-193\" srcset=\"https:\/\/diwanlanderne.bzh\/wp-content\/uploads\/2019\/05\/Livret-version-tangi_Page_12-736x1024.png 736w, https:\/\/diwanlanderne.bzh\/wp-content\/uploads\/2019\/05\/Livret-version-tangi_Page_12-216x300.png 216w, https:\/\/diwanlanderne.bzh\/wp-content\/uploads\/2019\/05\/Livret-version-tangi_Page_12-768x1068.png 768w, https:\/\/diwanlanderne.bzh\/wp-content\/uploads\/2019\/05\/Livret-version-tangi_Page_12.png 1358w\" sizes=\"auto, (max-width: 736px) 85vw, 736px\" \/><\/figure><\/li><li class=\"blocks-gallery-item\"><figure><img loading=\"lazy\" decoding=\"async\" width=\"736\" height=\"1024\" src=\"https:\/\/diwanlanderne.bzh\/wp-content\/uploads\/2019\/05\/Livret-version-tangi_Page_14-736x1024.png\" alt=\"\" data-id=\"190\" data-link=\"https:\/\/diwanlanderne.bzh\/index.php\/33-vloaz-ans-skol-diwan-landerne\/livret-version-tangi_page_14\/\" class=\"wp-image-190\" srcset=\"https:\/\/diwanlanderne.bzh\/wp-content\/uploads\/2019\/05\/Livret-version-tangi_Page_14-736x1024.png 736w, https:\/\/diwanlanderne.bzh\/wp-content\/uploads\/2019\/05\/Livret-version-tangi_Page_14-216x300.png 216w, https:\/\/diwanlanderne.bzh\/wp-content\/uploads\/2019\/05\/Livret-version-tangi_Page_14-768x1068.png 768w, https:\/\/diwanlanderne.bzh\/wp-content\/uploads\/2019\/05\/Livret-version-tangi_Page_14.png 1358w\" sizes=\"auto, (max-width: 736px) 85vw, 736px\" \/><\/figure><\/li><li class=\"blocks-gallery-item\"><figure><img loading=\"lazy\" decoding=\"async\" width=\"736\" height=\"1024\" src=\"https:\/\/diwanlanderne.bzh\/wp-content\/uploads\/2019\/05\/Livret-version-tangi_Page_02-736x1024.png\" alt=\"\" data-id=\"203\" data-link=\"https:\/\/diwanlanderne.bzh\/index.php\/33-vloaz-ans-skol-diwan-landerne\/livret-version-tangi_page_02\/\" class=\"wp-image-203\" srcset=\"https:\/\/diwanlanderne.bzh\/wp-content\/uploads\/2019\/05\/Livret-version-tangi_Page_02-736x1024.png 736w, https:\/\/diwanlanderne.bzh\/wp-content\/uploads\/2019\/05\/Livret-version-tangi_Page_02-216x300.png 216w, https:\/\/diwanlanderne.bzh\/wp-content\/uploads\/2019\/05\/Livret-version-tangi_Page_02-768x1068.png 768w, https:\/\/diwanlanderne.bzh\/wp-content\/uploads\/2019\/05\/Livret-version-tangi_Page_02.png 1358w\" sizes=\"auto, (max-width: 736px) 85vw, 736px\" \/><\/figure><\/li><\/ul><\/figure>\n\n\n\n<p><a href=\"https:\/\/diwanlanderne.bzh\/presse\/33DiwanLanderne_PressKit.zip\">PRESS KIT \/ DOSSIER DE PRESSE COMMUNICATION (photos Haute d\u00e9finiton des artistes, textes&#8230; \u00e0 t\u00e9l\u00e9charger en cliquant ici). <\/a><br><\/p>\n","protected":false},"excerpt":{"rendered":"<p>Samedi 15 juin 2019, nous avons f\u00eat\u00e9 les 33 ans de l&rsquo;\u00e9cole Maria Desbordes &amp; Carlos Soto + Bugale Skol Diwan Landerne Maria Desbordes est l&rsquo;une des premi\u00e8res \u00e9l\u00e8ves de Skol Diwan Landerne. Elle nous a fait l\u2019honneur de sa pr\u00e9sence afin de f\u00eater cet anniversaire, sur sc\u00e8ne, au c\u00f4t\u00e9 des 82 \u00e9l\u00e8ves actuels de &hellip; <a href=\"https:\/\/diwanlanderne.bzh\/index.php\/33-vloaz-ans-skol-diwan-landerne\/\" class=\"more-link\">Continuer la lecture<span class=\"screen-reader-text\"> de &laquo;&nbsp;33 bloaz&nbsp;&raquo;<\/span><\/a><\/p>\n","protected":false},"author":3,"featured_media":0,"parent":0,"menu_order":6,"comment_status":"closed","ping_status":"closed","template":"","meta":{"footnotes":""},"class_list":["post-61","page","type-page","status-publish","hentry"],"_links":{"self":[{"href":"https:\/\/diwanlanderne.bzh\/index.php\/wp-json\/wp\/v2\/pages\/61","targetHints":{"allow":["GET"]}}],"collection":[{"href":"https:\/\/diwanlanderne.bzh\/index.php\/wp-json\/wp\/v2\/pages"}],"about":[{"href":"https:\/\/diwanlanderne.bzh\/index.php\/wp-json\/wp\/v2\/types\/page"}],"author":[{"embeddable":true,"href":"https:\/\/diwanlanderne.bzh\/index.php\/wp-json\/wp\/v2\/users\/3"}],"replies":[{"embeddable":true,"href":"https:\/\/diwanlanderne.bzh\/index.php\/wp-json\/wp\/v2\/comments?post=61"}],"version-history":[{"count":28,"href":"https:\/\/diwanlanderne.bzh\/index.php\/wp-json\/wp\/v2\/pages\/61\/revisions"}],"predecessor-version":[{"id":603,"href":"https:\/\/diwanlanderne.bzh\/index.php\/wp-json\/wp\/v2\/pages\/61\/revisions\/603"}],"wp:attachment":[{"href":"https:\/\/diwanlanderne.bzh\/index.php\/wp-json\/wp\/v2\/media?parent=61"}],"curies":[{"name":"wp","href":"https:\/\/api.w.org\/{rel}","templated":true}]}}